{"id":2165,"date":"2022-12-13T19:25:40","date_gmt":"2022-12-13T18:25:40","guid":{"rendered":"https:\/\/www.hotelwedina.de\/hotel\/literature-hotel\/houses\/"},"modified":"2026-03-27T16:20:05","modified_gmt":"2026-03-27T15:20:05","slug":"houses","status":"publish","type":"page","link":"https:\/\/www.hotelwedina.de\/en\/hotel\/literature-hotel\/houses\/","title":{"rendered":"Houses"},"content":{"rendered":"<p>[et_pb_section fb_built=&#8221;1&#8243; fullwidth=&#8221;on&#8221; _builder_version=&#8221;4.18.1&#8243; _module_preset=&#8221;default&#8221; global_colors_info=&#8221;{}&#8221;][et_pb_fullwidth_header _builder_version=&#8221;4.19.2&#8243; _module_preset=&#8221;default&#8221; background_enable_color=&#8221;off&#8221; background_image=&#8221;https:\/\/www.hotelwedina.de\/wp-content\/uploads\/2022\/11\/Oeffentliche-Bereiche-HW-rotes-Haus_005v2.jpg&#8221; min_height=&#8221;500px&#8221; height=&#8221;500px&#8221; max_height=&#8221;500px&#8221; global_colors_info=&#8221;{}&#8221;][\/et_pb_fullwidth_header][\/et_pb_section][et_pb_section fb_built=&#8221;1&#8243; _builder_version=&#8221;4.18.1&#8243; _module_preset=&#8221;default&#8221; custom_margin=&#8221;0px||0px||false|false&#8221; custom_padding=&#8221;0px||0px||false|false&#8221; global_colors_info=&#8221;{}&#8221;][et_pb_row _builder_version=&#8221;4.18.1&#8243; _module_preset=&#8221;default&#8221; custom_margin=&#8221;0px||0px||false|false&#8221; custom_padding=&#8221;0px||0px||false|false&#8221; global_colors_info=&#8221;{}&#8221;][et_pb_column type=&#8221;4_4&#8243; _builder_version=&#8221;4.18.1&#8243; _module_preset=&#8221;default&#8221; global_colors_info=&#8221;{}&#8221;][et_pb_text admin_label=&#8221;Button&#8221; module_class=&#8221;vertikal-zentrieren&#8221; _builder_version=&#8221;4.19.2&#8243; _module_preset=&#8221;default&#8221; header_3_font=&#8221;|||on|||||&#8221; header_3_text_align=&#8221;center&#8221; header_3_text_color=&#8221;#FFFFFF&#8221; header_3_font_size=&#8221;23px&#8221; header_3_letter_spacing=&#8221;2px&#8221; background_color=&#8221;#A58B67&#8243; transform_rotate=&#8221;0deg|0deg|340deg&#8221; text_orientation=&#8221;center&#8221; width=&#8221;175px&#8221; width_tablet=&#8221;150px&#8221; width_phone=&#8221;175px&#8221; width_last_edited=&#8221;on|phone&#8221; max_width=&#8221;175px&#8221; module_alignment=&#8221;right&#8221; min_height=&#8221;175px&#8221; height=&#8221;175px&#8221; custom_margin=&#8221;-250px||||false|false&#8221; custom_margin_tablet=&#8221;||||false|false&#8221; custom_margin_phone=&#8221;-75px||||false|false&#8221; custom_margin_last_edited=&#8221;on|phone&#8221; module_alignment_tablet=&#8221;center&#8221; module_alignment_phone=&#8221;right&#8221; module_alignment_last_edited=&#8221;on|phone&#8221; border_radii=&#8221;on|1000px|1000px|1000px|1000px&#8221; global_colors_info=&#8221;{}&#8221;]<\/p>\n<h3><img loading=\"lazy\" decoding=\"async\" class=\"alignnone wp-image-88\" src=\"http:\/\/672011270630.hostingkunde.de\/wp-content\/uploads\/2022\/09\/Bildmarke-Icon-weiss-HotelWedina-22-300px-300x300.png\" alt=\"\" width=\"50\" height=\"50\"><br \/>TIME<br \/>TO BE<\/h3>\n<p>[\/et_pb_text][\/et_pb_column][\/et_pb_row][\/et_pb_section][et_pb_section fb_built=&#8221;1&#8243; _builder_version=&#8221;4.16&#8243; global_colors_info=&#8221;{}&#8221;][et_pb_row column_structure=&#8221;1_2,1_2&#8243; use_custom_gutter=&#8221;on&#8221; gutter_width=&#8221;2&#8243; admin_label=&#8221;Text + Bild&#8221; _builder_version=&#8221;4.19.0&#8243; background_size=&#8221;initial&#8221; background_position=&#8221;top_left&#8221; background_repeat=&#8221;repeat&#8221; global_colors_info=&#8221;{}&#8221;][et_pb_column type=&#8221;1_2&#8243; _builder_version=&#8221;4.18.1&#8243; _module_preset=&#8221;default&#8221; custom_padding=&#8221;|75px|||false|false&#8221; custom_padding_tablet=&#8221;|0px|||false|false&#8221; custom_padding_phone=&#8221;|0px|||false|false&#8221; custom_padding_last_edited=&#8221;on|desktop&#8221; global_colors_info=&#8221;{}&#8221;][et_pb_text admin_label=&#8221;Titel&#8221; _builder_version=&#8221;4.19.2&#8243; _module_preset=&#8221;default&#8221; text_font=&#8221;||||||||&#8221; text_letter_spacing=&#8221;1px&#8221; header_font=&#8221;|||on|||||&#8221; header_font_size=&#8221;45px&#8221; header_2_font=&#8221;|||on|||||&#8221; header_2_font_size=&#8221;20px&#8221; header_font_size_tablet=&#8221;50px&#8221; header_font_size_phone=&#8221;32px&#8221; header_font_size_last_edited=&#8221;on|phone&#8221; header_2_font_size_tablet=&#8221;20px&#8221; header_2_font_size_phone=&#8221;18px&#8221; header_2_font_size_last_edited=&#8221;on|phone&#8221; global_colors_info=&#8221;{}&#8221;]<\/p>\n<h2>Red, yellow, green &amp; blue<\/h2>\n<h1>The four houses<\/h1>\n<p>[\/et_pb_text][et_pb_text admin_label=&#8221;Inhalt&#8221; _builder_version=&#8221;4.19.2&#8243; _module_preset=&#8221;default&#8221; text_font=&#8221;||||||||&#8221; text_letter_spacing=&#8221;1px&#8221; header_font_size=&#8221;50px&#8221; header_2_font_size=&#8221;20px&#8221; header_font_size_tablet=&#8221;50px&#8221; header_font_size_phone=&#8221;32px&#8221; header_font_size_last_edited=&#8221;on|phone&#8221; header_2_font_size_tablet=&#8221;20px&#8221; header_2_font_size_phone=&#8221;18px&#8221; header_2_font_size_last_edited=&#8221;on|phone&#8221; global_colors_info=&#8221;{}&#8221;]<\/p>\n<p>The four colorful houses of our hotel show our enthusiasm for literature, but also for architecture and art in different ways: The Red House with our library, the Blue House with author rooms, the Green House with avant-garde architecture, the Yellow House with literature from Hamburg.<\/p>\n<p>But they have one thing in common: they have all been individually furnished with a lot of dedication.<\/p>\n<p>[\/et_pb_text][et_pb_button button_url=&#8221;@ET-DC@eyJkeW5hbWljIjp0cnVlLCJjb250ZW50IjoicG9zdF9saW5rX3VybF9wYWdlIiwic2V0dGluZ3MiOnsicG9zdF9pZCI6IjMyOCIsImVuYWJsZV9odG1sIjoib2ZmIn19@&#8221; button_text=&#8221;zu den Zimmern&#8221; _builder_version=&#8221;4.19.2&#8243; _dynamic_attributes=&#8221;button_url&#8221; _module_preset=&#8221;default&#8221; custom_button=&#8221;on&#8221; button_text_size=&#8221;15px&#8221; button_text_color=&#8221;#3C3A36&#8243; button_bg_color=&#8221;#FFFFFF&#8221; button_border_width=&#8221;1px&#8221; button_border_color=&#8221;#A58B67&#8243; button_border_radius=&#8221;0px&#8221; button_font=&#8221;|||on|||||&#8221; button_use_icon=&#8221;off&#8221; global_colors_info=&#8221;{}&#8221; button_border_color__hover_enabled=&#8221;on|hover&#8221; button_border_color__hover=&#8221;#A58B67&#8243; button_bg_color__hover_enabled=&#8221;on|hover&#8221; button_bg_color__hover=&#8221;#A58B67&#8243; button_bg_enable_color__hover=&#8221;on&#8221; button_text_color__hover_enabled=&#8221;on|hover&#8221; button_text_color__hover=&#8221;#FFFFFF&#8221;][\/et_pb_button][\/et_pb_column][et_pb_column type=&#8221;1_2&#8243; _builder_version=&#8221;4.18.0&#8243; _module_preset=&#8221;default&#8221; custom_padding=&#8221;||||false|false&#8221; global_colors_info=&#8221;{}&#8221;][et_pb_image src=&#8221;https:\/\/www.hotelwedina.de\/wp-content\/uploads\/2022\/12\/Illu-Anfahrtsskizze-Wedina-22-A4-V5.png&#8221; title_text=&#8221;Illu-Anfahrtsskizze-Wedina-22-A4-V5&#8243; _builder_version=&#8221;4.19.2&#8243; _module_preset=&#8221;default&#8221; global_colors_info=&#8221;{}&#8221;][\/et_pb_image][\/et_pb_column][\/et_pb_row][\/et_pb_section][et_pb_section fb_built=&#8221;1&#8243; _builder_version=&#8221;4.18.1&#8243; _module_preset=&#8221;default&#8221; custom_padding=&#8221;||75px|||&#8221; global_colors_info=&#8221;{}&#8221;][et_pb_row column_structure=&#8221;1_2,1_2&#8243; use_custom_gutter=&#8221;on&#8221; gutter_width=&#8221;1&#8243; _builder_version=&#8221;4.19.2&#8243; _module_preset=&#8221;default&#8221; width=&#8221;90%&#8221; custom_margin=&#8221;0px||0px||false|false&#8221; custom_padding=&#8221;0px||0px||false|false&#8221; global_colors_info=&#8221;{}&#8221;][et_pb_column type=&#8221;1_2&#8243; admin_label=&#8221;Textspalte&#8221; _builder_version=&#8221;4.19.0&#8243; _module_preset=&#8221;default&#8221; global_colors_info=&#8221;{}&#8221;][et_pb_text module_class=&#8221;vertikal-zentrieren&#8221; _builder_version=&#8221;4.19.2&#8243; _module_preset=&#8221;default&#8221; text_font=&#8221;||||||||&#8221; text_letter_spacing=&#8221;1px&#8221; header_font=&#8221;|||on|||||&#8221; header_font_size=&#8221;32px&#8221; header_2_font=&#8221;|||on|||||&#8221; header_2_font_size=&#8221;18px&#8221; header_5_font=&#8221;|||on|on|||#3C3A36|&#8221; header_5_text_color=&#8221;#C59849&#8243; background_color=&#8221;#F2EDE6&#8243; min_height=&#8221;450px&#8221; custom_padding=&#8221;50px|50px|50px|50px|false|false&#8221; global_colors_info=&#8221;{}&#8221;]<\/p>\n<h1>The Red House<\/h1>\n<p>&nbsp;<\/p>\n<p>In the morning you can enjoy our legendary breakfast here. With handmade from the region and the house tea blend carefully matched to the water. In the bright winter garden and in fine weather in the secluded summer garden &#8211; our resting place in the middle of the city.<\/p>\n<p>Our open house library is also growing at the Motherhouse. Over 300 personally dedicated works by contemporary writers can be found here. Relax while reading in the garden or browse in bed at night. In your unique room: freshly renovated, no two are alike at the Red House.<\/p>\n<p>[\/et_pb_text][\/et_pb_column][et_pb_column type=&#8221;1_2&#8243; admin_label=&#8221;Bildspalte&#8221; _builder_version=&#8221;4.19.0&#8243; _module_preset=&#8221;default&#8221; global_colors_info=&#8221;{}&#8221;][et_pb_text module_class=&#8221;vertikal-zentrieren&#8221; _builder_version=&#8221;4.19.2&#8243; _module_preset=&#8221;default&#8221; text_font=&#8221;||||||||&#8221; text_text_color=&#8221;#FFFFFF&#8221; text_letter_spacing=&#8221;1px&#8221; link_text_color=&#8221;#FFFFFF&#8221; header_font=&#8221;|||on|||||&#8221; header_font_size=&#8221;32px&#8221; header_2_font=&#8221;|||on|||||&#8221; header_2_font_size=&#8221;18px&#8221; header_3_text_color=&#8221;#FFFFFF&#8221; header_5_font=&#8221;|||on|on|||#3C3A36|&#8221; header_5_text_color=&#8221;#C59849&#8243; background_color=&#8221;#C73626&#8243; text_orientation=&#8221;center&#8221; min_height=&#8221;450px&#8221; custom_padding=&#8221;50px|50px|50px|50px|false|false&#8221; global_colors_info=&#8221;{}&#8221;]<\/p>\n<h3><span style=\"text-decoration: underline;\">The following room categories are in the Red House<\/span><\/h3>\n<p>&nbsp;<\/p>\n<ul>\n<li><a href=\"https:\/\/www.hotelwedina.de\/en\/Zimmer\/single-room-classic\/\">Single room Classic (Hotel)<\/a><\/li>\n<li><a href=\"https:\/\/www.hotelwedina.de\/en\/Zimmer\/single-room-superior-garden-view\/\">Single room superior garden view (hotel)<\/a><\/li>\n<li><a href=\"https:\/\/www.hotelwedina.de\/en\/Zimmer\/double-room-classic\/\">Double room Classic (Hotel)<\/a><\/li>\n<li><a href=\"https:\/\/www.hotelwedina.de\/en\/Zimmer\/double-room-classic-garden-view\/\">Double Room Classic Garden View (Hotel)<\/a><\/li>\n<li><a href=\"https:\/\/www.hotelwedina.de\/en\/Zimmer\/superior-double-room\/\">Superior double room (hotel)<\/a><\/li>\n<li><a href=\"https:\/\/www.hotelwedina.de\/en\/Zimmer\/double-room-superior-garden-view\/\">Double Room Superior Garden View (Hotel)<\/a><\/li>\n<\/ul>\n<p>[\/et_pb_text][\/et_pb_column][\/et_pb_row][et_pb_row column_structure=&#8221;1_2,1_2&#8243; use_custom_gutter=&#8221;on&#8221; gutter_width=&#8221;1&#8243; _builder_version=&#8221;4.19.2&#8243; _module_preset=&#8221;default&#8221; width=&#8221;90%&#8221; custom_margin=&#8221;0px||0px||false|false&#8221; custom_padding=&#8221;0px||0px||false|false&#8221; global_colors_info=&#8221;{}&#8221;][et_pb_column type=&#8221;1_2&#8243; _builder_version=&#8221;4.19.0&#8243; _module_preset=&#8221;default&#8221; global_colors_info=&#8221;{}&#8221;][et_pb_text module_class=&#8221;vertikal-zentrieren&#8221; _builder_version=&#8221;4.19.2&#8243; _module_preset=&#8221;default&#8221; text_font=&#8221;||||||||&#8221; text_text_color=&#8221;#FFFFFF&#8221; text_letter_spacing=&#8221;1px&#8221; link_text_color=&#8221;#FFFFFF&#8221; header_font=&#8221;|||on|||||&#8221; header_font_size=&#8221;32px&#8221; header_2_font=&#8221;|||on|||||&#8221; header_2_font_size=&#8221;18px&#8221; header_3_text_color=&#8221;#FFFFFF&#8221; header_5_font=&#8221;|||on|on|||#3C3A36|&#8221; header_5_text_color=&#8221;#C59849&#8243; background_color=&#8221;#93C3E9&#8243; text_orientation=&#8221;center&#8221; min_height=&#8221;450px&#8221; custom_padding=&#8221;50px|50px|50px|50px|false|false&#8221; global_colors_info=&#8221;{}&#8221;]<\/p>\n<h3><span style=\"text-decoration: underline;\">The following room categories are in the Blue House<\/span><\/h3>\n<p>&nbsp;<\/p>\n<ul>\n<li><a href=\"https:\/\/www.hotelwedina.de\/en\/Zimmer\/shoe-box\/\">Shoe box (budget)<\/a><\/li>\n<li><a href=\"https:\/\/www.hotelwedina.de\/en\/Zimmer\/double-room-budget\/\">Budget Double Room (Budget)<\/a><\/li>\n<li><a href=\"https:\/\/www.hotelwedina.de\/en\/Zimmer\/double-room-budget-garden-view\/\">Double Room Budget Garden View (Budget)<\/a><\/li>\n<\/ul>\n<p>[\/et_pb_text][\/et_pb_column][et_pb_column type=&#8221;1_2&#8243; _builder_version=&#8221;4.19.0&#8243; _module_preset=&#8221;default&#8221; global_colors_info=&#8221;{}&#8221;][et_pb_text module_class=&#8221;vertikal-zentrieren&#8221; _builder_version=&#8221;4.19.2&#8243; _module_preset=&#8221;default&#8221; text_font=&#8221;||||||||&#8221; text_letter_spacing=&#8221;1px&#8221; header_font=&#8221;|||on|||||&#8221; header_font_size=&#8221;32px&#8221; header_2_font=&#8221;|||on|||||&#8221; header_2_font_size=&#8221;18px&#8221; header_5_font=&#8221;|||on|on|||#3C3A36|&#8221; header_5_text_color=&#8221;#C59849&#8243; background_color=&#8221;#F2EDE6&#8243; min_height=&#8221;450px&#8221; custom_padding=&#8221;50px|50px|50px|50px|false|false&#8221; global_colors_info=&#8221;{}&#8221;]<\/p>\n<h1>Blue house<\/h1>\n<p>&nbsp;<\/p>\n<p>Yoko Tawada, Joseph Conrad and Max Frisch &#8211; they have all dealt in their works with travel, with departure and arrival, with the gathering of experiences and impressions. Our Blue House owes them fourteen author rooms full of inspiration for travelers and globetrotters.<\/p>\n<p>Live here bright and open: urban with lots of exposed concrete, modern with clean lines. Already in the entrance area, the building tells a lot about itself &#8211; describes what occupies visitors and makes geometric shapes dance. Literature has fully internalized this house: every room here is a library in itself.<\/p>\n<p>[\/et_pb_text][\/et_pb_column][\/et_pb_row][et_pb_row column_structure=&#8221;1_2,1_2&#8243; use_custom_gutter=&#8221;on&#8221; gutter_width=&#8221;1&#8243; _builder_version=&#8221;4.19.2&#8243; _module_preset=&#8221;default&#8221; width=&#8221;90%&#8221; custom_margin=&#8221;0px||0px||false|false&#8221; custom_padding=&#8221;0px||0px||false|false&#8221; global_colors_info=&#8221;{}&#8221;][et_pb_column type=&#8221;1_2&#8243; _builder_version=&#8221;4.19.0&#8243; _module_preset=&#8221;default&#8221; global_colors_info=&#8221;{}&#8221;][et_pb_text module_class=&#8221;vertikal-zentrieren&#8221; _builder_version=&#8221;4.19.2&#8243; _module_preset=&#8221;default&#8221; text_font=&#8221;||||||||&#8221; text_letter_spacing=&#8221;1px&#8221; header_font=&#8221;|||on|||||&#8221; header_font_size=&#8221;32px&#8221; header_2_font=&#8221;|||on|||||&#8221; header_2_font_size=&#8221;18px&#8221; header_5_font=&#8221;|||on|on|||#3C3A36|&#8221; header_5_text_color=&#8221;#C59849&#8243; background_color=&#8221;#F2EDE6&#8243; min_height=&#8221;450px&#8221; custom_padding=&#8221;50px|50px|50px|50px|false|false&#8221; global_colors_info=&#8221;{}&#8221;]<\/p>\n<h1>Green house<\/h1>\n<p>&nbsp;<\/p>\n<p>Boxes stacked on top of each other, some of which protrude from the facade as cubic oriels. Exposed concrete, glass, wood and green granite. Custom made furniture. Rooms full of peace, concentration and space, always with the green of the alpine Zen garden in view.<br \/>In the avant-garde Green House you always live and sleep facing the garden &#8211; in each of the 11 rooms. In the evening, enjoy a glass of wine and tapas on our terrace or their balcony. Amidst light-flooded architecture.<\/p>\n<p>[\/et_pb_text][\/et_pb_column][et_pb_column type=&#8221;1_2&#8243; _builder_version=&#8221;4.19.0&#8243; _module_preset=&#8221;default&#8221; global_colors_info=&#8221;{}&#8221;][et_pb_text module_class=&#8221;vertikal-zentrieren&#8221; _builder_version=&#8221;4.19.2&#8243; _module_preset=&#8221;default&#8221; text_font=&#8221;||||||||&#8221; text_text_color=&#8221;#FFFFFF&#8221; text_letter_spacing=&#8221;1px&#8221; link_text_color=&#8221;#FFFFFF&#8221; header_font=&#8221;|||on|||||&#8221; header_font_size=&#8221;32px&#8221; header_2_font=&#8221;|||on|||||&#8221; header_2_font_size=&#8221;18px&#8221; header_3_text_color=&#8221;#FFFFFF&#8221; header_5_font=&#8221;|||on|on|||#3C3A36|&#8221; header_5_text_color=&#8221;#C59849&#8243; background_color=&#8221;#99BC65&#8243; text_orientation=&#8221;center&#8221; min_height=&#8221;450px&#8221; custom_padding=&#8221;50px|50px|50px|50px|false|false&#8221; global_colors_info=&#8221;{}&#8221;]<\/p>\n<h3><span style=\"text-decoration: underline;\">The following room categories are located in the Green House<\/span><\/h3>\n<p>&nbsp;<\/p>\n<ul>\n<li><a href=\"https:\/\/www.hotelwedina.de\/en\/Zimmer\/double-room-superior-garden-view\/\">Double Room Superior Garden View (Hotel)<\/a><\/li>\n<li><a href=\"https:\/\/www.hotelwedina.de\/en\/Zimmer\/junior-suite-apartment\/\">Junior Suite (Hotel)<\/a><\/li>\n<li><a href=\"https:\/\/www.hotelwedina.de\/en\/Zimmer\/junior-suite-apartment\/\">Apartment (Apartment)<\/a><\/li>\n<\/ul>\n<p>[\/et_pb_text][\/et_pb_column][\/et_pb_row][et_pb_row column_structure=&#8221;1_2,1_2&#8243; use_custom_gutter=&#8221;on&#8221; gutter_width=&#8221;1&#8243; _builder_version=&#8221;4.19.2&#8243; _module_preset=&#8221;default&#8221; width=&#8221;90%&#8221; custom_margin=&#8221;0px||0px||false|false&#8221; custom_padding=&#8221;0px||0px||false|false&#8221; global_colors_info=&#8221;{}&#8221;][et_pb_column type=&#8221;1_2&#8243; _builder_version=&#8221;4.19.0&#8243; _module_preset=&#8221;default&#8221; global_colors_info=&#8221;{}&#8221;][et_pb_text module_class=&#8221;vertikal-zentrieren&#8221; _builder_version=&#8221;4.22.1&#8243; _module_preset=&#8221;default&#8221; text_font=&#8221;||||||||&#8221; text_text_color=&#8221;#FFFFFF&#8221; text_letter_spacing=&#8221;1px&#8221; link_text_color=&#8221;#FFFFFF&#8221; header_font=&#8221;|||on|||||&#8221; header_font_size=&#8221;32px&#8221; header_2_font=&#8221;|||on|||||&#8221; header_2_font_size=&#8221;18px&#8221; header_3_text_color=&#8221;#FFFFFF&#8221; header_5_font=&#8221;|||on|on|||#3C3A36|&#8221; header_5_text_color=&#8221;#C59849&#8243; background_color=&#8221;#fac51b&#8221; text_orientation=&#8221;center&#8221; min_height=&#8221;450px&#8221; custom_padding=&#8221;50px|50px|50px|50px|false|false&#8221; global_colors_info=&#8221;{}&#8221;]<\/p>\n<h3><span style=\"text-decoration: underline;\">The following room categories are in the Yellow House<\/span><\/h3>\n<p>&nbsp;<\/p>\n<ul>\n<li><a href=\"https:\/\/www.hotelwedina.de\/en\/Zimmer\/double-room-budget\/\">Budget Double Room (Budget)<\/a><\/li>\n<li><a href=\"https:\/\/www.hotelwedina.de\/en\/Zimmer\/junior-suite-apartment\/\">Junior Suite (Hotel)<\/a><\/li>\n<li><a href=\"https:\/\/www.hotelwedina.de\/en\/Zimmer\/junior-suite-apartment\/\">Apartment (Apartment)<\/a><\/li>\n<\/ul>\n<p>[\/et_pb_text][\/et_pb_column][et_pb_column type=&#8221;1_2&#8243; _builder_version=&#8221;4.19.0&#8243; _module_preset=&#8221;default&#8221; global_colors_info=&#8221;{}&#8221;][et_pb_text module_class=&#8221;vertikal-zentrieren&#8221; _builder_version=&#8221;4.19.2&#8243; _module_preset=&#8221;default&#8221; text_font=&#8221;||||||||&#8221; text_letter_spacing=&#8221;1px&#8221; header_font=&#8221;|||on|||||&#8221; header_font_size=&#8221;32px&#8221; header_2_font=&#8221;|||on|||||&#8221; header_2_font_size=&#8221;18px&#8221; header_5_font=&#8221;|||on|on|||#3C3A36|&#8221; header_5_text_color=&#8221;#C59849&#8243; background_color=&#8221;#F2EDE6&#8243; min_height=&#8221;450px&#8221; custom_padding=&#8221;50px|50px|50px|50px|false|false&#8221; global_colors_info=&#8221;{}&#8221;]<\/p>\n<h1>Yellow house<\/h1>\n<p>&nbsp;<\/p>\n<p>Clear and free you live here, with Nordic tidy attitude and simple form. Our Yellow House has Hamburg literature at its heart, carries a selection of it on every wall.<\/p>\n<p>Like the city, it shows many faces, serving almost every taste with ten different genres: Low German, crime fiction, children&#8217;s books. Selected by Stephan Samtleben, for reading addicts. Here act light space and pleasant tranquility. Read.<\/p>\n<p>&nbsp;<\/p>\n<p>[\/et_pb_text][\/et_pb_column][\/et_pb_row][\/et_pb_section][et_pb_section fb_built=&#8221;1&#8243; _builder_version=&#8221;4.18.1&#8243; background_color=&#8221;#3C3A36&#8243; global_colors_info=&#8221;{}&#8221;][et_pb_row use_custom_gutter=&#8221;on&#8221; gutter_width=&#8221;2&#8243; admin_label=&#8221;Text + Bild&#8221; _builder_version=&#8221;4.19.2&#8243; background_size=&#8221;initial&#8221; background_position=&#8221;top_left&#8221; background_repeat=&#8221;repeat&#8221; global_colors_info=&#8221;{}&#8221;][et_pb_column type=&#8221;4_4&#8243; _builder_version=&#8221;4.18.0&#8243; _module_preset=&#8221;default&#8221; global_colors_info=&#8221;{}&#8221;][et_pb_text admin_label=&#8221;Titel&#8221; _builder_version=&#8221;4.19.0&#8243; _module_preset=&#8221;default&#8221; text_font=&#8221;||||||||&#8221; text_text_color=&#8221;#FFFFFF&#8221; text_font_size=&#8221;15px&#8221; text_letter_spacing=&#8221;1px&#8221; header_font=&#8221;|||on|||||&#8221; header_text_color=&#8221;#FFFFFF&#8221; header_font_size=&#8221;40px&#8221; header_2_font=&#8221;|||on|||||&#8221; header_2_text_color=&#8221;#FFFFFF&#8221; header_2_font_size=&#8221;20px&#8221; header_font_size_tablet=&#8221;50px&#8221; header_font_size_phone=&#8221;32px&#8221; header_font_size_last_edited=&#8221;on|phone&#8221; header_2_font_size_tablet=&#8221;20px&#8221; header_2_font_size_phone=&#8221;18px&#8221; header_2_font_size_last_edited=&#8221;on|phone&#8221; global_colors_info=&#8221;{}&#8221;]<\/p>\n<h2>Discover more<\/h2>\n<h1>And what else?<\/h1>\n<p>[\/et_pb_text][et_pb_text disabled_on=&#8221;on|off|off&#8221; admin_label=&#8221;Button&#8221; module_class=&#8221;vertikal-zentrieren&#8221; _builder_version=&#8221;4.19.2&#8243; _module_preset=&#8221;default&#8221; header_3_font=&#8221;|||on|||||&#8221; header_3_text_align=&#8221;center&#8221; header_3_text_color=&#8221;#FFFFFF&#8221; header_3_font_size=&#8221;23px&#8221; header_3_letter_spacing=&#8221;2px&#8221; background_color=&#8221;#99BC65&#8243; transform_rotate=&#8221;0deg|0deg|12deg&#8221; text_orientation=&#8221;center&#8221; width=&#8221;150px&#8221; width_tablet=&#8221;150px&#8221; width_phone=&#8221;150px&#8221; width_last_edited=&#8221;on|phone&#8221; max_width=&#8221;150px&#8221; module_alignment=&#8221;right&#8221; height=&#8221;150px&#8221; custom_margin=&#8221;-150px||||false|false&#8221; custom_margin_tablet=&#8221;||||false|false&#8221; custom_margin_phone=&#8221;-75px||||false|false&#8221; custom_margin_last_edited=&#8221;on|phone&#8221; module_alignment_tablet=&#8221;center&#8221; module_alignment_phone=&#8221;right&#8221; module_alignment_last_edited=&#8221;on|phone&#8221; border_radii=&#8221;on|1000px|1000px|1000px|1000px&#8221; global_colors_info=&#8221;{}&#8221; transform_styles__hover_enabled=&#8221;on|hover&#8221; transform_scale__hover_enabled=&#8221;on|desktop&#8221; transform_translate__hover_enabled=&#8221;on|desktop&#8221; transform_rotate__hover_enabled=&#8221;on|hover&#8221; transform_skew__hover_enabled=&#8221;on|desktop&#8221; transform_origin__hover_enabled=&#8221;on|desktop&#8221; transform_rotate__hover=&#8221;0deg|0deg|325deg&#8221;]<\/p>\n<h3><img loading=\"lazy\" decoding=\"async\" class=\"alignnone wp-image-88\" src=\"http:\/\/672011270630.hostingkunde.de\/wp-content\/uploads\/2022\/09\/Bildmarke-Icon-weiss-HotelWedina-22-300px-300x300.png\" alt=\"\" width=\"50\" height=\"50\"><br \/>Hotel<br \/>Wedina<\/h3>\n<p>[\/et_pb_text][dmpro_carousel columns=&#8221;3&#8243; space_between=&#8221;35&#8243; loop=&#8221;on&#8221; autoplay=&#8221;on&#8221; navigation=&#8221;on&#8221; pagination=&#8221;on&#8221; navigation_color=&#8221;#C59849&#8243; navigation_bg_color=&#8221;#FFFFFF&#8221; navigation_circle=&#8221;on&#8221; columns_tablet=&#8221;2&#8243; columns_phone=&#8221;1&#8243; columns_last_edited=&#8221;on|phone&#8221; space_between_tablet=&#8221;35&#8243; space_between_phone=&#8221;10&#8243; space_between_last_edited=&#8221;on|phone&#8221; navigation_position_left_tablet=&#8221;&#8221; navigation_position_left_phone=&#8221;-20px&#8221; navigation_position_left_last_edited=&#8221;on|phone&#8221; navigation_position_right_tablet=&#8221;&#8221; navigation_position_right_phone=&#8221;-20px&#8221; navigation_position_right_last_edited=&#8221;on|phone&#8221; _builder_version=&#8221;4.19.2&#8243; _module_preset=&#8221;default&#8221; desc_text_color=&#8221;#FFFFFF&#8221; desc_font_size=&#8221;16px&#8221; desc_line_height=&#8221;1.5em&#8221; width_tablet=&#8221;&#8221; width_phone=&#8221;100%&#8221; width_last_edited=&#8221;on|phone&#8221; module_alignment=&#8221;center&#8221; global_colors_info=&#8221;{}&#8221;][dmpro_carousel_child title=&#8221;Library&#8221; img_src=&#8221;http:\/\/672011270630.hostingkunde.de\/wp-content\/uploads\/2022\/11\/Oeffentliche-Bereiche-HW-Bibliothek_1201211391.jpg&#8221; img_alt=&#8221;Unsere Bibliothek&#8221; text_title=&#8221;Unsere Bibliothek&#8221; desc_text=&#8221;<\/p>\n<p>\u00dcber 300 Literaturwerke zeitgen\u00f6ssischer Schriftsteller f\u00fcllen die hauseigene Bibliothek. Zeit zum Schm\u00f6kern und lesen.<\/p>\n<p>&#8221; _builder_version=&#8221;4.18.1&#8243; _dynamic_attributes=&#8221;link_option_url&#8221; _module_preset=&#8221;default&#8221; title_level=&#8221;h3&#8243; title_text_color=&#8221;#FFFFFF&#8221; title_font_size=&#8221;25px&#8221; link_option_url=&#8221;@ET-DC@eyJkeW5hbWljIjp0cnVlLCJjb250ZW50IjoicG9zdF9saW5rX3VybF9wYWdlIiwic2V0dGluZ3MiOnsicG9zdF9pZCI6IjMyMCIsImVuYWJsZV9odG1sIjoib2ZmIn19@&#8221; global_colors_info=&#8221;{}&#8221;][\/dmpro_carousel_child][dmpro_carousel_child title=&#8221;Garden&#8221; img_src=&#8221;http:\/\/672011270630.hostingkunde.de\/wp-content\/uploads\/2022\/11\/Oeffentliche-Bereiche-HW-Garten-4.jpg&#8221; img_alt=&#8221;Unser Garten&#8221; text_title=&#8221;Unser Garten&#8221; desc_text=&#8221;<\/p>\n<p>Die gr\u00fcne Stadtoase: Liebevoll mit viel gr\u00fcn gestaltet, genie\u00dfen Sie im gr\u00fcnen Garten einen Kaffee oder lesen ein Buch.<\/p>\n<p>&#8221; _builder_version=&#8221;4.18.1&#8243; _dynamic_attributes=&#8221;link_option_url&#8221; _module_preset=&#8221;default&#8221; title_level=&#8221;h3&#8243; title_text_color=&#8221;#FFFFFF&#8221; title_font_size=&#8221;25px&#8221; link_option_url=&#8221;@ET-DC@eyJkeW5hbWljIjp0cnVlLCJjb250ZW50IjoicG9zdF9saW5rX3VybF9wYWdlIiwic2V0dGluZ3MiOnsicG9zdF9pZCI6IjMxNiIsImVuYWJsZV9odG1sIjoib2ZmIn19@&#8221; global_colors_info=&#8221;{}&#8221;][\/dmpro_carousel_child][dmpro_carousel_child title=&#8221;TimeBar&#8221; img_src=&#8221;http:\/\/672011270630.hostingkunde.de\/wp-content\/uploads\/2022\/11\/Oeffentliche-Bereiche-HW-11201211366.jpg&#8221; img_alt=&#8221;ZeitBar&#8221; text_title=&#8221;ZeitBar&#8221; desc_text=&#8221;<\/p>\n<p>Beste Geschmacksmomente. Ob leckeres Fr\u00fchst\u00fcck am Morgen, Kaffee am Nachmittag oder Dinner mit kreativen Drinks.<\/p>\n<p>&#8221; _builder_version=&#8221;4.19.0&#8243; _dynamic_attributes=&#8221;link_option_url&#8221; _module_preset=&#8221;default&#8221; title_level=&#8221;h3&#8243; title_text_color=&#8221;#FFFFFF&#8221; title_font_size=&#8221;25px&#8221; link_option_url=&#8221;@ET-DC@eyJkeW5hbWljIjp0cnVlLCJjb250ZW50IjoicG9zdF9saW5rX3VybF9wYWdlIiwic2V0dGluZ3MiOnsicG9zdF9pZCI6IjMyNCIsImVuYWJsZV9odG1sIjoib2ZmIn19@&#8221; global_colors_info=&#8221;{}&#8221;][\/dmpro_carousel_child][dmpro_carousel_child title=&#8221;Room&#8221; img_src=&#8221;http:\/\/672011270630.hostingkunde.de\/wp-content\/uploads\/2022\/11\/Apartment_Junior-Suite_Wedina_Gruenes-Haus_0125.jpg&#8221; img_alt=&#8221;Unsere Zimmer&#8221; text_title=&#8221;Unsere Zimmer&#8221; desc_text=&#8221;<\/p>\n<p>Von kuscheligen Einzelzimmer \u00fcber gem\u00fctliche Doppelzimmer mit Gartenblick bis hin zu den Apartments f\u00fcr jeden etwas dabei.<\/p>\n<p>&#8221; _builder_version=&#8221;4.19.0&#8243; _dynamic_attributes=&#8221;link_option_url&#8221; _module_preset=&#8221;default&#8221; title_level=&#8221;h3&#8243; title_text_color=&#8221;#FFFFFF&#8221; title_font_size=&#8221;25px&#8221; link_option_url=&#8221;@ET-DC@eyJkeW5hbWljIjp0cnVlLCJjb250ZW50IjoicG9zdF9saW5rX3VybF9wYWdlIiwic2V0dGluZ3MiOnsicG9zdF9pZCI6IjMyNCIsImVuYWJsZV9odG1sIjoib2ZmIn19@&#8221; global_colors_info=&#8221;{}&#8221;][\/dmpro_carousel_child][\/dmpro_carousel][\/et_pb_column][\/et_pb_row][\/et_pb_section]<\/p>\n","protected":false},"excerpt":{"rendered":"<p>TIMETO BERed, yellow, green &amp; blue The four housesThe four colorful houses of our hotel show our enthusiasm for literature, but also for architecture and art in different ways: The Red House with our library, the Blue House with author rooms, the Green House with avant-garde architecture, the Yellow House with literature from Hamburg. But [&hellip;]<\/p>\n","protected":false},"author":1,"featured_media":0,"parent":2138,"menu_order":0,"comment_status":"closed","ping_status":"closed","template":"","meta":{"_et_pb_use_builder":"on","_et_pb_old_content":"","_et_gb_content_width":"","footnotes":""},"class_list":["post-2165","page","type-page","status-publish","hentry"],"_links":{"self":[{"href":"https:\/\/www.hotelwedina.de\/en\/wp-json\/wp\/v2\/pages\/2165","targetHints":{"allow":["GET"]}}],"collection":[{"href":"https:\/\/www.hotelwedina.de\/en\/wp-json\/wp\/v2\/pages"}],"about":[{"href":"https:\/\/www.hotelwedina.de\/en\/wp-json\/wp\/v2\/types\/page"}],"author":[{"embeddable":true,"href":"https:\/\/www.hotelwedina.de\/en\/wp-json\/wp\/v2\/users\/1"}],"replies":[{"embeddable":true,"href":"https:\/\/www.hotelwedina.de\/en\/wp-json\/wp\/v2\/comments?post=2165"}],"version-history":[{"count":2,"href":"https:\/\/www.hotelwedina.de\/en\/wp-json\/wp\/v2\/pages\/2165\/revisions"}],"predecessor-version":[{"id":4057,"href":"https:\/\/www.hotelwedina.de\/en\/wp-json\/wp\/v2\/pages\/2165\/revisions\/4057"}],"up":[{"embeddable":true,"href":"https:\/\/www.hotelwedina.de\/en\/wp-json\/wp\/v2\/pages\/2138"}],"wp:attachment":[{"href":"https:\/\/www.hotelwedina.de\/en\/wp-json\/wp\/v2\/media?parent=2165"}],"curies":[{"name":"wp","href":"https:\/\/api.w.org\/{rel}","templated":true}]}}