{"id":2146,"date":"2022-11-14T16:18:48","date_gmt":"2022-11-14T15:18:48","guid":{"rendered":"https:\/\/www.hotelwedina.de\/culture\/culture-in-the-wedina\/"},"modified":"2026-03-30T16:56:28","modified_gmt":"2026-03-30T14:56:28","slug":"culture-in-the-wedina","status":"publish","type":"page","link":"https:\/\/www.hotelwedina.de\/en\/culture\/culture-in-the-wedina\/","title":{"rendered":"Culture in the Wedina"},"content":{"rendered":"<p>[et_pb_section fb_built=&#8221;1&#8243; fullwidth=&#8221;on&#8221; _builder_version=&#8221;4.18.1&#8243; _module_preset=&#8221;default&#8221; global_colors_info=&#8221;{}&#8221;][et_pb_fullwidth_header _builder_version=&#8221;4.27.5&#8243; _module_preset=&#8221;default&#8221; background_enable_color=&#8221;off&#8221; background_image=&#8221;https:\/\/www.hotelwedina.de\/wp-content\/uploads\/2022\/11\/Oeffentliche-Bereiche-HW-Bibliothek_1201211569.jpg&#8221; min_height=&#8221;500px&#8221; height=&#8221;500px&#8221; max_height=&#8221;500px&#8221; hover_enabled=&#8221;0&#8243; global_colors_info=&#8221;{}&#8221; title_text=&#8221;Oeffentliche-Bereiche-HW-Bibliothek_1201211569&#8243; sticky_enabled=&#8221;0&#8243;][\/et_pb_fullwidth_header][\/et_pb_section][et_pb_section fb_built=&#8221;1&#8243; _builder_version=&#8221;4.18.1&#8243; _module_preset=&#8221;default&#8221; custom_margin=&#8221;0px||0px||false|false&#8221; custom_padding=&#8221;0px||0px||false|false&#8221; global_colors_info=&#8221;{}&#8221;][et_pb_row _builder_version=&#8221;4.18.1&#8243; _module_preset=&#8221;default&#8221; custom_margin=&#8221;0px||0px||false|false&#8221; custom_padding=&#8221;0px||0px||false|false&#8221; global_colors_info=&#8221;{}&#8221;][et_pb_column type=&#8221;4_4&#8243; _builder_version=&#8221;4.18.1&#8243; _module_preset=&#8221;default&#8221; global_colors_info=&#8221;{}&#8221;][et_pb_text admin_label=&#8221;Button&#8221; module_class=&#8221;vertikal-zentrieren&#8221; _builder_version=&#8221;4.27.5&#8243; _module_preset=&#8221;default&#8221; header_3_font=&#8221;|||on|||||&#8221; header_3_text_align=&#8221;center&#8221; header_3_text_color=&#8221;#FFFFFF&#8221; header_3_font_size=&#8221;23px&#8221; header_3_letter_spacing=&#8221;1px&#8221; background_color=&#8221;#C59849&#8243; transform_rotate=&#8221;0deg|0deg|340deg&#8221; text_orientation=&#8221;center&#8221; width=&#8221;175px&#8221; width_tablet=&#8221;150px&#8221; width_phone=&#8221;125px&#8221; width_last_edited=&#8221;on|desktop&#8221; max_width=&#8221;175px&#8221; max_width_tablet=&#8221;150px&#8221; max_width_phone=&#8221;125px&#8221; max_width_last_edited=&#8221;on|tablet&#8221; module_alignment=&#8221;right&#8221; height=&#8221;175px&#8221; height_tablet=&#8221;150px&#8221; height_phone=&#8221;125px&#8221; height_last_edited=&#8221;on|phone&#8221; custom_margin=&#8221;-250px||||false|false&#8221; custom_margin_tablet=&#8221;||||false|false&#8221; custom_margin_phone=&#8221;-250px||||false|false&#8221; custom_margin_last_edited=&#8221;on|phone&#8221; hover_enabled=&#8221;0&#8243; header_3_font_size_tablet=&#8221;23px&#8221; header_3_font_size_phone=&#8221;18px&#8221; header_3_font_size_last_edited=&#8221;on|phone&#8221; module_alignment_tablet=&#8221;center&#8221; module_alignment_phone=&#8221;right&#8221; module_alignment_last_edited=&#8221;on|phone&#8221; border_radii=&#8221;on|1000px|1000px|1000px|1000px&#8221; global_colors_info=&#8221;{}&#8221; sticky_enabled=&#8221;0&#8243;]<\/p>\n<h3><a href=\"https:\/\/www.hotelwedina.de\/wp-content\/uploads\/2022\/09\/Bildmarke-Icon-weiss-HotelWedina-22-300px-e1668508645696.png\"><img loading=\"lazy\" decoding=\"async\" src=\"https:\/\/www.hotelwedina.de\/wp-content\/uploads\/2022\/09\/Bildmarke-Icon-weiss-HotelWedina-22-300px-e1668508645696.png\" width=\"51\" height=\"37\" alt=\"\" class=\"wp-image-88 alignnone size-full\" srcset=\"https:\/\/www.hotelwedina.de\/wp-content\/uploads\/2022\/09\/Bildmarke-Icon-weiss-HotelWedina-22-300px-e1668508645696.png 302w, https:\/\/www.hotelwedina.de\/wp-content\/uploads\/2022\/09\/Bildmarke-Icon-weiss-HotelWedina-22-300px-e1668508645696-300x219.png 300w\" sizes=\"(max-width: 51px) 100vw, 51px\" \/><\/a><br \/>Culture in the Wedina<\/h3>\n<p>[\/et_pb_text][\/et_pb_column][\/et_pb_row][\/et_pb_section][et_pb_section fb_built=&#8221;1&#8243; _builder_version=&#8221;4.16&#8243; global_colors_info=&#8221;{}&#8221;][et_pb_row column_structure=&#8221;1_2,1_4,1_4&#8243; use_custom_gutter=&#8221;on&#8221; gutter_width=&#8221;2&#8243; admin_label=&#8221;Text + Bild&#8221; _builder_version=&#8221;4.18.1&#8243; background_size=&#8221;initial&#8221; background_position=&#8221;top_left&#8221; background_repeat=&#8221;repeat&#8221; global_colors_info=&#8221;{}&#8221;][et_pb_column type=&#8221;1_2&#8243; _builder_version=&#8221;4.18.1&#8243; _module_preset=&#8221;default&#8221; custom_padding=&#8221;|75px|||false|false&#8221; custom_padding_tablet=&#8221;|0px|||false|false&#8221; custom_padding_phone=&#8221;|0px|||false|false&#8221; custom_padding_last_edited=&#8221;on|desktop&#8221; global_colors_info=&#8221;{}&#8221;][et_pb_text admin_label=&#8221;Titel&#8221; _builder_version=&#8221;4.19.0&#8243; _module_preset=&#8221;default&#8221; text_font=&#8221;||||||||&#8221; text_letter_spacing=&#8221;1px&#8221; header_font=&#8221;|||on|||||&#8221; header_font_size=&#8221;45px&#8221; header_2_font=&#8221;||||||||&#8221; header_2_font_size=&#8221;20px&#8221; header_font_size_tablet=&#8221;50px&#8221; header_font_size_phone=&#8221;32px&#8221; header_font_size_last_edited=&#8221;on|phone&#8221; header_2_font_size_tablet=&#8221;20px&#8221; header_2_font_size_phone=&#8221;18px&#8221; header_2_font_size_last_edited=&#8221;on|phone&#8221; global_colors_info=&#8221;{}&#8221;]<\/p>\n<h2>Culture in the Wedina<\/h2>\n<h1>Culture hotel in Hamburg<\/h1>\n<p>[\/et_pb_text][et_pb_text admin_label=&#8221;Inhalt&#8221; _builder_version=&#8221;4.19.0&#8243; _module_preset=&#8221;default&#8221; text_font=&#8221;||||||||&#8221; text_letter_spacing=&#8221;1px&#8221; header_font_size=&#8221;50px&#8221; header_2_font_size=&#8221;20px&#8221; header_font_size_tablet=&#8221;50px&#8221; header_font_size_phone=&#8221;32px&#8221; header_font_size_last_edited=&#8221;on|phone&#8221; header_2_font_size_tablet=&#8221;20px&#8221; header_2_font_size_phone=&#8221;18px&#8221; header_2_font_size_last_edited=&#8221;on|phone&#8221; global_colors_info=&#8221;{}&#8221;]<\/p>\n<p>Experience art and culture and live in the middle of the Hanseatic city of Hamburg. Our Kulturhotel Hamburg offers exactly that. Treat yourself to a wonderful cultural vacation or a cultural weekend for two with us. And along the way you can enjoy theaters, museums, concerts, musicals or readings in the Hanseatic city. Relax in Germany&#8217;s cultural hotel and enjoy attractive arrangements.<\/p>\n<p>[\/et_pb_text][\/et_pb_column][et_pb_column type=&#8221;1_4&#8243; _builder_version=&#8221;4.18.0&#8243; _module_preset=&#8221;default&#8221; custom_padding=&#8221;||||false|false&#8221; global_colors_info=&#8221;{}&#8221;][et_pb_image src=&#8221;http:\/\/672011270630.hostingkunde.de\/wp-content\/uploads\/2022\/11\/Hotel-Wedina_Doppelzimmer-Superior-Gartenblick_Rotes-Haus7775_ohne_Geruest.jpg&#8221; title_text=&#8221;Hotel-Wedina_Doppelzimmer-Superior-Gartenblick_Rotes-Haus7775_ohne_Geruest&#8221; align=&#8221;center&#8221; module_class=&#8221;pa-image-3-4&#8243; _builder_version=&#8221;4.19.0&#8243; _module_preset=&#8221;default&#8221; max_width=&#8221;350px&#8221; module_alignment=&#8221;center&#8221; custom_margin=&#8221;75px||||false|false&#8221; custom_margin_tablet=&#8221;100px||||false|false&#8221; custom_margin_phone=&#8221;100px||||false|false&#8221; custom_margin_last_edited=&#8221;on|phone&#8221; global_colors_info=&#8221;{}&#8221;][\/et_pb_image][\/et_pb_column][et_pb_column type=&#8221;1_4&#8243; _builder_version=&#8221;4.18.0&#8243; _module_preset=&#8221;default&#8221; global_colors_info=&#8221;{}&#8221;][et_pb_image src=&#8221;http:\/\/672011270630.hostingkunde.de\/wp-content\/uploads\/2022\/11\/Oeffentliche-Bereiche-HW-Bibliothek_1201211391.jpg&#8221; title_text=&#8221;Oeffentliche-Bereiche-HW-Bibliothek_1201211391&#8243; module_class=&#8221;pa-image-3-4&#8243; _builder_version=&#8221;4.19.0&#8243; _module_preset=&#8221;default&#8221; max_width=&#8221;350px&#8221; custom_margin=&#8221;-25px||||false|false&#8221; custom_margin_tablet=&#8221;25px||||false|false&#8221; custom_margin_phone=&#8221;25px||||false|false&#8221; custom_margin_last_edited=&#8221;on|phone&#8221; global_colors_info=&#8221;{}&#8221;][\/et_pb_image][\/et_pb_column][\/et_pb_row][\/et_pb_section][et_pb_section fb_built=&#8221;1&#8243; _builder_version=&#8221;4.18.1&#8243; background_color=&#8221;#3C3A36&#8243; global_colors_info=&#8221;{}&#8221;][et_pb_row use_custom_gutter=&#8221;on&#8221; gutter_width=&#8221;2&#8243; admin_label=&#8221;Text + Bild&#8221; _builder_version=&#8221;4.18.1&#8243; background_size=&#8221;initial&#8221; background_position=&#8221;top_left&#8221; background_repeat=&#8221;repeat&#8221; hover_enabled=&#8221;0&#8243; global_colors_info=&#8221;{}&#8221; sticky_enabled=&#8221;0&#8243;][et_pb_column type=&#8221;4_4&#8243; _builder_version=&#8221;4.18.0&#8243; _module_preset=&#8221;default&#8221; global_colors_info=&#8221;{}&#8221;][et_pb_text admin_label=&#8221;Titel&#8221; _builder_version=&#8221;4.19.0&#8243; _module_preset=&#8221;default&#8221; text_font=&#8221;||||||||&#8221; text_text_color=&#8221;#FFFFFF&#8221; text_font_size=&#8221;15px&#8221; text_letter_spacing=&#8221;1px&#8221; header_font=&#8221;|||on|||||&#8221; header_text_color=&#8221;#FFFFFF&#8221; header_font_size=&#8221;40px&#8221; header_2_font=&#8221;||||||||&#8221; header_2_text_color=&#8221;#FFFFFF&#8221; header_2_font_size=&#8221;20px&#8221; header_font_size_tablet=&#8221;50px&#8221; header_font_size_phone=&#8221;32px&#8221; header_font_size_last_edited=&#8221;on|phone&#8221; header_2_font_size_tablet=&#8221;20px&#8221; header_2_font_size_phone=&#8221;18px&#8221; header_2_font_size_last_edited=&#8221;on|phone&#8221; global_colors_info=&#8221;{}&#8221;]<\/p>\n<h2>Discover more<\/h2>\n<h1>And what else?<\/h1>\n<p>[\/et_pb_text][et_pb_text disabled_on=&#8221;on|off|off&#8221; admin_label=&#8221;Button&#8221; module_class=&#8221;vertikal-zentrieren&#8221; _builder_version=&#8221;4.27.5&#8243; _module_preset=&#8221;default&#8221; header_3_font=&#8221;|||on|||||&#8221; header_3_text_align=&#8221;center&#8221; header_3_text_color=&#8221;#FFFFFF&#8221; header_3_font_size=&#8221;23px&#8221; header_3_letter_spacing=&#8221;2px&#8221; background_color=&#8221;#93C3E9&#8243; transform_rotate=&#8221;0deg|0deg|33deg&#8221; text_orientation=&#8221;center&#8221; width=&#8221;150px&#8221; width_tablet=&#8221;150px&#8221; width_phone=&#8221;150px&#8221; width_last_edited=&#8221;on|phone&#8221; max_width=&#8221;150px&#8221; module_alignment=&#8221;right&#8221; height=&#8221;150px&#8221; custom_margin=&#8221;-150px||||false|false&#8221; custom_margin_tablet=&#8221;||||false|false&#8221; custom_margin_phone=&#8221;-75px||||false|false&#8221; custom_margin_last_edited=&#8221;on|phone&#8221; hover_enabled=&#8221;0&#8243; module_alignment_tablet=&#8221;center&#8221; module_alignment_phone=&#8221;right&#8221; module_alignment_last_edited=&#8221;on|phone&#8221; border_radii=&#8221;on|1000px|1000px|1000px|1000px&#8221; global_colors_info=&#8221;{}&#8221; sticky_enabled=&#8221;0&#8243;]<\/p>\n<h3><a href=\"https:\/\/www.hotelwedina.de\/wp-content\/uploads\/2022\/09\/Bildmarke-Icon-weiss-HotelWedina-22-300px-e1668508645696.png\"><img loading=\"lazy\" decoding=\"async\" src=\"https:\/\/www.hotelwedina.de\/wp-content\/uploads\/2022\/09\/Bildmarke-Icon-weiss-HotelWedina-22-300px-e1668508645696.png\" width=\"51\" height=\"37\" alt=\"\" class=\"wp-image-88 alignnone size-full\" srcset=\"https:\/\/www.hotelwedina.de\/wp-content\/uploads\/2022\/09\/Bildmarke-Icon-weiss-HotelWedina-22-300px-e1668508645696.png 302w, https:\/\/www.hotelwedina.de\/wp-content\/uploads\/2022\/09\/Bildmarke-Icon-weiss-HotelWedina-22-300px-e1668508645696-300x219.png 300w\" sizes=\"(max-width: 51px) 100vw, 51px\" \/><\/a><br \/>TIME TO BE<\/h3>\n<p>[\/et_pb_text][dmpro_carousel columns=&#8221;3&#8243; space_between=&#8221;35&#8243; loop=&#8221;on&#8221; autoplay=&#8221;on&#8221; navigation=&#8221;on&#8221; pagination=&#8221;on&#8221; navigation_color=&#8221;#C59849&#8243; navigation_bg_color=&#8221;#FFFFFF&#8221; navigation_circle=&#8221;on&#8221; columns_tablet=&#8221;2&#8243; columns_phone=&#8221;1&#8243; columns_last_edited=&#8221;on|tablet&#8221; navigation_position_left_tablet=&#8221;&#8221; navigation_position_left_phone=&#8221;-20px&#8221; navigation_position_left_last_edited=&#8221;on|phone&#8221; navigation_position_right_tablet=&#8221;&#8221; navigation_position_right_phone=&#8221;-20px&#8221; navigation_position_right_last_edited=&#8221;on|phone&#8221; _builder_version=&#8221;4.27.5&#8243; _module_preset=&#8221;default&#8221; desc_text_color=&#8221;#FFFFFF&#8221; desc_font_size=&#8221;16px&#8221; desc_line_height=&#8221;1.5em&#8221; hover_enabled=&#8221;0&#8243; global_colors_info=&#8221;{}&#8221; sticky_enabled=&#8221;0&#8243;][dmpro_carousel_child title=&#8221;Our partners&#8221; img_src=&#8221;https:\/\/www.hotelwedina.de\/wp-content\/uploads\/2022\/12\/freepik_Partner_four-team-members-expressing-togetherness.jpg&#8221; img_alt=&#8221;Unsere Partner&#8221; text_title=&#8221;Unsere Partner&#8221; desc_text=&#8221;<\/p>\n<p>Kultur verbindet. Wir kooperieren mit verschiedenen Kultureinrichtungen in Hamburgund unterst\u00fctzen die K\u00fcnste.<\/p>\n<p>&#8221; _builder_version=&#8221;4.27.5&#8243; _dynamic_attributes=&#8221;link_option_url&#8221; _module_preset=&#8221;default&#8221; title_level=&#8221;h3&#8243; title_text_color=&#8221;#FFFFFF&#8221; title_font_size=&#8221;25px&#8221; link_option_url=&#8221;@ET-DC@eyJkeW5hbWljIjp0cnVlLCJjb250ZW50IjoicG9zdF9saW5rX3VybF9wYWdlIiwic2V0dGluZ3MiOnsicG9zdF9pZCI6IjQ3MCIsImVuYWJsZV9odG1sIjoib2ZmIn19@&#8221; hover_enabled=&#8221;0&#8243; global_colors_info=&#8221;{}&#8221; title_text=&#8221;freepik_Partner_four-team-members-expressing-togetherness&#8221; sticky_enabled=&#8221;0&#8243;][\/dmpro_carousel_child][dmpro_carousel_child title=&#8221;Events&#8221; img_src=&#8221;https:\/\/www.hotelwedina.de\/wp-content\/uploads\/2022\/11\/Wedina_Buch-lesen_reading-925589_1920.jpg&#8221; img_alt=&#8221;Veranstaltungen&#8221; text_title=&#8221;Veranstaltungen&#8221; desc_text=&#8221;<\/p>\n<p>Wir f\u00f6rdern die Kultur: Im Wedina finden regelm\u00e4\u00dfig Veranstaltungen statt. Von Buchlesungen bis hin zur kleinen Konzerten.<\/p>\n<p>&#8221; _builder_version=&#8221;4.27.5&#8243; _dynamic_attributes=&#8221;link_option_url&#8221; _module_preset=&#8221;default&#8221; title_level=&#8221;h3&#8243; title_text_color=&#8221;#FFFFFF&#8221; title_font_size=&#8221;25px&#8221; link_option_url=&#8221;@ET-DC@eyJkeW5hbWljIjp0cnVlLCJjb250ZW50IjoicG9zdF9saW5rX3VybF9wYWdlIiwic2V0dGluZ3MiOnsicG9zdF9pZCI6IjMxNiIsImVuYWJsZV9odG1sIjoib2ZmIn19@&#8221; hover_enabled=&#8221;0&#8243; global_colors_info=&#8221;{}&#8221; sticky_enabled=&#8221;0&#8243; title_text=&#8221;Wedina_Buch-lesen_reading-925589_1920&#8243;][\/dmpro_carousel_child][dmpro_carousel_child title=&#8221;Arrangements&#8221; img_src=&#8221;https:\/\/www.hotelwedina.de\/wp-content\/uploads\/2023\/10\/Alster.jpg&#8221; img_alt=&#8221;Arrangements&#8221; text_title=&#8221;Arrangements&#8221; desc_text=&#8221;<\/p>\n<p>Unsere Wedina Specials. Werfen Sie einen Blick auf unsere Arrangements im Bereich der Kultur.<\/p>\n<p>&#8221; _builder_version=&#8221;4.27.5&#8243; _dynamic_attributes=&#8221;link_option_url&#8221; _module_preset=&#8221;default&#8221; title_level=&#8221;h3&#8243; title_text_color=&#8221;#FFFFFF&#8221; title_font_size=&#8221;25px&#8221; link_option_url=&#8221;@ET-DC@eyJkeW5hbWljIjp0cnVlLCJjb250ZW50IjoicG9zdF9saW5rX3VybF9wYWdlIiwic2V0dGluZ3MiOnsicG9zdF9pZCI6IjMyNCIsImVuYWJsZV9odG1sIjoib2ZmIn19@&#8221; hover_enabled=&#8221;0&#8243; global_colors_info=&#8221;{}&#8221; title_text=&#8221;Binnenalster Hamburg&#8221; sticky_enabled=&#8221;0&#8243;][\/dmpro_carousel_child][dmpro_carousel_child title=&#8221;Culture in the Wedina&#8221; img_src=&#8221;https:\/\/www.hotelwedina.de\/wp-content\/uploads\/2022\/11\/Oeffentliche-Bereiche-HW-Bibliothek_1201211569.jpg&#8221; img_alt=&#8221;Kultur im Wedina&#8221; text_title=&#8221;Kultur im Wedina&#8221; desc_text=&#8221;<\/p>\n<p>Unser Literaturhotel Wedina in Hamburg hat sich der Kultur verschrieben. Sie inspiriert, stiftet Gemeinschaft und unterh\u00e4lt.<\/p>\n<p>&#8221; _builder_version=&#8221;4.27.5&#8243; _dynamic_attributes=&#8221;link_option_url&#8221; _module_preset=&#8221;default&#8221; title_level=&#8221;h3&#8243; title_text_color=&#8221;#FFFFFF&#8221; title_font_size=&#8221;25px&#8221; link_option_url=&#8221;@ET-DC@eyJkeW5hbWljIjp0cnVlLCJjb250ZW50IjoicG9zdF9saW5rX3VybF9wYWdlIiwic2V0dGluZ3MiOnsicG9zdF9pZCI6IjMyNCIsImVuYWJsZV9odG1sIjoib2ZmIn19@&#8221; hover_enabled=&#8221;0&#8243; global_colors_info=&#8221;{}&#8221; title_text=&#8221;Oeffentliche-Bereiche-HW-Bibliothek_1201211569&#8243; sticky_enabled=&#8221;0&#8243;][\/dmpro_carousel_child][\/dmpro_carousel][\/et_pb_column][\/et_pb_row][\/et_pb_section]<\/p>\n","protected":false},"excerpt":{"rendered":"<p>Culture in the WedinaCulture in the Wedina Culture hotel in HamburgExperience art and culture and live in the middle of the Hanseatic city of Hamburg. Our Kulturhotel Hamburg offers exactly that. Treat yourself to a wonderful cultural vacation or a cultural weekend for two with us. And along the way you can enjoy theaters, museums, [&hellip;]<\/p>\n","protected":false},"author":1,"featured_media":0,"parent":2143,"menu_order":0,"comment_status":"closed","ping_status":"closed","template":"","meta":{"_et_pb_use_builder":"on","_et_pb_old_content":"","_et_gb_content_width":"","footnotes":""},"class_list":["post-2146","page","type-page","status-publish","hentry"],"_links":{"self":[{"href":"https:\/\/www.hotelwedina.de\/en\/wp-json\/wp\/v2\/pages\/2146","targetHints":{"allow":["GET"]}}],"collection":[{"href":"https:\/\/www.hotelwedina.de\/en\/wp-json\/wp\/v2\/pages"}],"about":[{"href":"https:\/\/www.hotelwedina.de\/en\/wp-json\/wp\/v2\/types\/page"}],"author":[{"embeddable":true,"href":"https:\/\/www.hotelwedina.de\/en\/wp-json\/wp\/v2\/users\/1"}],"replies":[{"embeddable":true,"href":"https:\/\/www.hotelwedina.de\/en\/wp-json\/wp\/v2\/comments?post=2146"}],"version-history":[{"count":3,"href":"https:\/\/www.hotelwedina.de\/en\/wp-json\/wp\/v2\/pages\/2146\/revisions"}],"predecessor-version":[{"id":4089,"href":"https:\/\/www.hotelwedina.de\/en\/wp-json\/wp\/v2\/pages\/2146\/revisions\/4089"}],"up":[{"embeddable":true,"href":"https:\/\/www.hotelwedina.de\/en\/wp-json\/wp\/v2\/pages\/2143"}],"wp:attachment":[{"href":"https:\/\/www.hotelwedina.de\/en\/wp-json\/wp\/v2\/media?parent=2146"}],"curies":[{"name":"wp","href":"https:\/\/api.w.org\/{rel}","templated":true}]}}