{"id":2145,"date":"2022-11-07T18:53:34","date_gmt":"2022-11-07T17:53:34","guid":{"rendered":"https:\/\/www.hotelwedina.de\/events-2\/"},"modified":"2026-03-27T15:58:39","modified_gmt":"2026-03-27T14:58:39","slug":"events-2","status":"publish","type":"page","link":"https:\/\/www.hotelwedina.de\/en\/events-2\/","title":{"rendered":"EVENTS"},"content":{"rendered":"<p>[et_pb_section fb_built=&#8221;1&#8243; fullwidth=&#8221;on&#8221; _builder_version=&#8221;4.18.1&#8243; _module_preset=&#8221;default&#8221; global_colors_info=&#8221;{}&#8221;][et_pb_fullwidth_header _builder_version=&#8221;4.22.1&#8243; _module_preset=&#8221;default&#8221; background_enable_color=&#8221;off&#8221; background_image=&#8221;https:\/\/www.hotelwedina.de\/wp-content\/uploads\/2022\/11\/mid-section-of-female-student-playing-double-bass.jpg&#8221; min_height=&#8221;500px&#8221; height=&#8221;500px&#8221; max_height=&#8221;500px&#8221; global_colors_info=&#8221;{}&#8221;][\/et_pb_fullwidth_header][\/et_pb_section][et_pb_section fb_built=&#8221;1&#8243; _builder_version=&#8221;4.16&#8243; custom_padding=&#8221;||5px|||&#8221; global_colors_info=&#8221;{}&#8221;][et_pb_row column_structure=&#8221;1_2,1_4,1_4&#8243; use_custom_gutter=&#8221;on&#8221; gutter_width=&#8221;2&#8243; admin_label=&#8221;Text + Bild&#8221; _builder_version=&#8221;4.18.1&#8243; background_size=&#8221;initial&#8221; background_position=&#8221;top_left&#8221; background_repeat=&#8221;repeat&#8221; global_colors_info=&#8221;{}&#8221;][et_pb_column type=&#8221;1_2&#8243; _builder_version=&#8221;4.18.1&#8243; _module_preset=&#8221;default&#8221; custom_padding=&#8221;|75px|||false|false&#8221; custom_padding_tablet=&#8221;|0px|||false|false&#8221; custom_padding_phone=&#8221;|0px|||false|false&#8221; custom_padding_last_edited=&#8221;on|tablet&#8221; global_colors_info=&#8221;{}&#8221;][et_pb_text admin_label=&#8221;Titel&#8221; module_class=&#8221;word-break-mobile&#8221; _builder_version=&#8221;4.19.2&#8243; _module_preset=&#8221;default&#8221; text_font=&#8221;||||||||&#8221; text_letter_spacing=&#8221;1px&#8221; header_font=&#8221;|||on|||||&#8221; header_font_size=&#8221;45px&#8221; header_2_font=&#8221;|||on|||||&#8221; header_2_font_size=&#8221;20px&#8221; header_font_size_tablet=&#8221;50px&#8221; header_font_size_phone=&#8221;32px&#8221; header_font_size_last_edited=&#8221;on|phone&#8221; header_2_font_size_tablet=&#8221;20px&#8221; header_2_font_size_phone=&#8221;18px&#8221; header_2_font_size_last_edited=&#8221;on|phone&#8221; global_colors_info=&#8221;{}&#8221;]<\/p>\n<h2>Love for the arts<\/h2>\n<h1>Events<\/h1>\n<p>[\/et_pb_text][et_pb_text admin_label=&#8221;Inhalt&#8221; _builder_version=&#8221;4.19.0&#8243; _module_preset=&#8221;default&#8221; text_font=&#8221;||||||||&#8221; text_letter_spacing=&#8221;1px&#8221; global_colors_info=&#8221;{}&#8221;]<\/p>\n<p>Of all the arts, our great passion is the written word. Out of love for literature and books, we became partners of the Hamburg House of Literature in 1999. Since then, as Literaturhotel Hamburg, we have welcomed writers, poets, literary figures and even Nobel Prize winners in literature from Germany and abroad as guests. Your autographed books with personal dedications can be found in our extensive library.<\/p>\n<p>Our keen interest in beautiful literature goes even further. Because literary travel means enjoying other cultural events as well. Discover the diversity of the arts and extraordinary moments. With us you will find a range of events &#8211; from book readings to small concerts.  <\/p>\n<p>Prefer to plan an event yourself? Our event rooms are available for birthdays, meetings or readings.<\/p>\n<p>[\/et_pb_text][et_pb_text admin_label=&#8221;Button&#8221; module_class=&#8221;vertikal-zentrieren&#8221; _builder_version=&#8221;4.22.1&#8243; _module_preset=&#8221;default&#8221; header_3_font=&#8221;|||on|||||&#8221; header_3_text_align=&#8221;center&#8221; header_3_text_color=&#8221;#FFFFFF&#8221; header_3_font_size=&#8221;23px&#8221; header_3_letter_spacing=&#8221;2px&#8221; background_color=&#8221;#93C3E9&#8243; transform_rotate=&#8221;0deg|0deg|33deg&#8221; text_orientation=&#8221;center&#8221; width=&#8221;150px&#8221; width_tablet=&#8221;150px&#8221; width_phone=&#8221;150px&#8221; width_last_edited=&#8221;on|phone&#8221; max_width=&#8221;150px&#8221; module_alignment=&#8221;right&#8221; height=&#8221;150px&#8221; custom_margin=&#8221;50px||||false|false&#8221; custom_margin_tablet=&#8221;||||false|false&#8221; custom_margin_phone=&#8221;||||false|false&#8221; custom_margin_last_edited=&#8221;on|phone&#8221; custom_padding=&#8221;||||false|false&#8221; module_alignment_tablet=&#8221;center&#8221; module_alignment_phone=&#8221;right&#8221; module_alignment_last_edited=&#8221;on|phone&#8221; border_radii=&#8221;on|1000px|1000px|1000px|1000px&#8221; global_colors_info=&#8221;{}&#8221;]<\/p>\n<h3><img loading=\"lazy\" decoding=\"async\" class=\"alignnone wp-image-88\" src=\"https:\/\/www.hotelwedina.de\/wp-content\/uploads\/2022\/09\/Bildmarke-Icon-weiss-HotelWedina-22-300px-e1668508645696-300x219.png\" alt=\"\" width=\"50\" height=\"36\" srcset=\"https:\/\/www.hotelwedina.de\/wp-content\/uploads\/2022\/09\/Bildmarke-Icon-weiss-HotelWedina-22-300px-e1668508645696-300x219.png 300w, https:\/\/www.hotelwedina.de\/wp-content\/uploads\/2022\/09\/Bildmarke-Icon-weiss-HotelWedina-22-300px-e1668508645696.png 302w\" sizes=\"(max-width: 50px) 100vw, 50px\" \/><br \/>TIME TO BE<\/h3>\n<p>[\/et_pb_text][\/et_pb_column][et_pb_column type=&#8221;1_4&#8243; _builder_version=&#8221;4.18.0&#8243; _module_preset=&#8221;default&#8221; custom_padding=&#8221;||||false|false&#8221; global_colors_info=&#8221;{}&#8221;][et_pb_image src=&#8221;https:\/\/www.hotelwedina.de\/wp-content\/uploads\/2022\/11\/Wedina_Buch-lesen_reading-925589_1920.jpg&#8221; title_text=&#8221;Wedina_Buch-lesen_reading-925589_1920&#8243; align=&#8221;center&#8221; module_class=&#8221;pa-image-2-3&#8243; _builder_version=&#8221;4.22.1&#8243; _module_preset=&#8221;default&#8221; module_alignment=&#8221;center&#8221; custom_margin=&#8221;75px||||false|false&#8221; custom_margin_tablet=&#8221;100px||||false|false&#8221; custom_margin_phone=&#8221;100px||||false|false&#8221; custom_margin_last_edited=&#8221;on|phone&#8221; global_colors_info=&#8221;{}&#8221;][\/et_pb_image][\/et_pb_column][et_pb_column type=&#8221;1_4&#8243; _builder_version=&#8221;4.18.0&#8243; _module_preset=&#8221;default&#8221; global_colors_info=&#8221;{}&#8221;][et_pb_image src=&#8221;https:\/\/www.hotelwedina.de\/wp-content\/uploads\/2022\/11\/Wedina_happy-business_woman-4702060_1920-e1669988696495.jpg&#8221; title_text=&#8221;Wedina_happy-business_woman-4702060_1920&#8243; module_class=&#8221;pa-image-3-4&#8243; _builder_version=&#8221;4.22.1&#8243; _module_preset=&#8221;default&#8221; custom_margin=&#8221;-25px||||false|false&#8221; custom_margin_tablet=&#8221;25px||||false|false&#8221; custom_margin_phone=&#8221;25px||||false|false&#8221; custom_margin_last_edited=&#8221;on|phone&#8221; global_colors_info=&#8221;{}&#8221;][\/et_pb_image][\/et_pb_column][\/et_pb_row][\/et_pb_section][et_pb_section fb_built=&#8221;1&#8243; _builder_version=&#8221;4.19.0&#8243; _module_preset=&#8221;default&#8221; background_color=&#8221;#3C3A36&#8243; custom_margin=&#8221;50px||25px||false|false&#8221; custom_padding=&#8221;0px||0px||false|false&#8221; global_colors_info=&#8221;{}&#8221;][et_pb_row _builder_version=&#8221;4.18.1&#8243; _module_preset=&#8221;default&#8221; global_colors_info=&#8221;{}&#8221;][et_pb_column type=&#8221;4_4&#8243; _builder_version=&#8221;4.18.1&#8243; _module_preset=&#8221;default&#8221; global_colors_info=&#8221;{}&#8221;][et_pb_text _builder_version=&#8221;4.19.0&#8243; _module_preset=&#8221;default&#8221; header_3_font=&#8221;|||on|||||&#8221; header_3_text_align=&#8221;center&#8221; header_3_text_color=&#8221;#FFFFFF&#8221; header_3_font_size=&#8221;35px&#8221; header_3_letter_spacing=&#8221;3px&#8221; custom_margin=&#8221;||4px|||&#8221; global_colors_info=&#8221;{}&#8221;]<\/p>\n<h3>What would many an orchestra be without its squeamish!<\/h3>\n<p>[\/et_pb_text][et_pb_text _builder_version=&#8221;4.19.0&#8243; _module_preset=&#8221;default&#8221; text_text_color=&#8221;#C59849&#8243; text_orientation=&#8221;center&#8221; global_colors_info=&#8221;{}&#8221;]<\/p>\n<p>&#8220;Tobi Dahmen<\/p>\n<p>[\/et_pb_text][\/et_pb_column][\/et_pb_row][\/et_pb_section][et_pb_section fb_built=&#8221;1&#8243; _builder_version=&#8221;4.18.1&#8243; _module_preset=&#8221;default&#8221; custom_padding=&#8221;||75px|||&#8221; global_colors_info=&#8221;{}&#8221;][et_pb_row column_structure=&#8221;1_2,1_2&#8243; use_custom_gutter=&#8221;on&#8221; gutter_width=&#8221;1&#8243; module_class=&#8221;reverse-columns-mobile&#8221; _builder_version=&#8221;4.19.2&#8243; _module_preset=&#8221;default&#8221; width=&#8221;90%&#8221; custom_margin=&#8221;0px||0px||false|false&#8221; custom_margin_tablet=&#8221;0px||0px||false|false&#8221; custom_margin_phone=&#8221;||50px||false|false&#8221; custom_margin_last_edited=&#8221;on|phone&#8221; custom_padding=&#8221;0px||0px||false|false&#8221; global_colors_info=&#8221;{}&#8221;][et_pb_column type=&#8221;1_2&#8243; admin_label=&#8221;Textspalte&#8221; _builder_version=&#8221;4.19.0&#8243; _module_preset=&#8221;default&#8221; global_colors_info=&#8221;{}&#8221;][et_pb_text content_tablet=&#8221;<\/p>\n<h2>Meetings, Hochzeiten &amp; mehr<\/h2>\n<h1>Tagungs- &amp; Veranstaltungsr\u00e4ume<\/h1>\n<p>Unsere variabel nutzbaren Veranstaltungsr\u00e4ume stehen Ihnen f\u00fcr Hochzeiten, Meetings, Geburtstage oder sonstigen Feierlichkeiten zur Verf\u00fcgung. Auf Wunsch lassen sich die R\u00e4ume auch miteinander kombinieren.<\/p>\n<\/p>\n<h5><a href=\"%22https:\/\/www.hotelwedina.de\/veranstaltungen\/tagungen\/%22\">mehr erfahren<\/a><\/h5>\n<p>&#8221; content_phone=&#8221;<\/p>\n<h2>Meetings, Hochzeiten &amp; mehr<\/h2>\n<h1>Tagungs- &amp; Veranstaltungs-<br \/>r\u00e4ume<\/h1>\n<p>Unsere variabel nutzbaren Veranstaltungsr\u00e4ume stehen Ihnen f\u00fcr Hochzeiten, Meetings, Geburtstage oder sonstigen Feierlichkeiten zur Verf\u00fcgung. Auf Wunsch lassen sich die R\u00e4ume auch miteinander kombinieren.<\/p>\n<\/p>\n<h5><a href=\"%22https:\/\/www.hotelwedina.de\/veranstaltungen\/tagungen\/%22\">mehr erfahren<\/a><\/h5>\n<p>&#8221; content_last_edited=&#8221;on|phone&#8221; module_class=&#8221;vertikal-zentrieren&#8221; _builder_version=&#8221;4.27.4&#8243; _module_preset=&#8221;default&#8221; text_font=&#8221;||||||||&#8221; text_letter_spacing=&#8221;1px&#8221; header_font=&#8221;|||on|||||&#8221; header_font_size=&#8221;32px&#8221; header_2_font=&#8221;|||on|||||&#8221; header_2_font_size=&#8221;18px&#8221; header_5_font=&#8221;|||on|on|||#3C3A36|&#8221; header_5_text_color=&#8221;#C59849&#8243; background_color=&#8221;#F2EDE6&#8243; min_height=&#8221;450px&#8221; custom_padding=&#8221;50px|50px|50px|50px|false|false&#8221; custom_padding_tablet=&#8221;50px|50px|50px|50px|false|false&#8221; custom_padding_phone=&#8221;15px|15px|15px|15px|false|false&#8221; custom_padding_last_edited=&#8221;on|phone&#8221; header_font_size_tablet=&#8221;32px&#8221; header_font_size_phone=&#8221;30px&#8221; header_font_size_last_edited=&#8221;on|phone&#8221; global_colors_info=&#8221;{}&#8221;]<\/p>\n<h2>Meetings, Conferences &amp; More<\/h2>\n<h1>Meeting &amp; Event Rooms<\/h1>\n<p>Our versatile event spaces are available for meetings, birthdays, or other celebrations. If desired, the rooms can also be combined with each other.<\/p>\n<p>&nbsp;<\/p>\n<h5><a href=\"https:\/\/www.hotelwedina.de\/en\/events-2\/meetings\/\">learn more<\/a><\/h5>\n<p>[\/et_pb_text][\/et_pb_column][et_pb_column type=&#8221;1_2&#8243; admin_label=&#8221;Bildspalte&#8221; _builder_version=&#8221;4.19.0&#8243; _module_preset=&#8221;default&#8221; global_colors_info=&#8221;{}&#8221;][et_pb_slider arrows_custom_color=&#8221;#C59849&#8243; dot_nav_custom_color=&#8221;#C59849&#8243; _builder_version=&#8221;4.22.1&#8243; _module_preset=&#8221;default&#8221; min_height=&#8221;450px&#8221; min_height_tablet=&#8221;450px&#8221; min_height_phone=&#8221;300px&#8221; min_height_last_edited=&#8221;on|phone&#8221; global_colors_info=&#8221;{}&#8221;][et_pb_slide admin_title=&#8221;Bild 1&#8243; _builder_version=&#8221;4.22.1&#8243; _module_preset=&#8221;default&#8221; background_enable_color=&#8221;off&#8221; background_image=&#8221;https:\/\/www.hotelwedina.de\/wp-content\/uploads\/2023\/03\/Hotel-Wedina-1201211471.jpg&#8221; background_enable_image=&#8221;on&#8221; global_colors_info=&#8221;{}&#8221; sticky_transition=&#8221;on&#8221;][\/et_pb_slide][\/et_pb_slider][\/et_pb_column][\/et_pb_row][et_pb_row column_structure=&#8221;1_2,1_2&#8243; use_custom_gutter=&#8221;on&#8221; gutter_width=&#8221;1&#8243; _builder_version=&#8221;4.19.0&#8243; _module_preset=&#8221;default&#8221; width=&#8221;90%&#8221; custom_margin=&#8221;0px||0px||false|false&#8221; custom_padding=&#8221;0px||0px||false|false&#8221; global_colors_info=&#8221;{}&#8221;][et_pb_column type=&#8221;1_2&#8243; _builder_version=&#8221;4.19.0&#8243; _module_preset=&#8221;default&#8221; global_colors_info=&#8221;{}&#8221;][et_pb_slider arrows_custom_color=&#8221;#C59849&#8243; dot_nav_custom_color=&#8221;#C59849&#8243; _builder_version=&#8221;4.22.1&#8243; _module_preset=&#8221;default&#8221; min_height=&#8221;450px&#8221; min_height_tablet=&#8221;450px&#8221; min_height_phone=&#8221;300px&#8221; min_height_last_edited=&#8221;on|phone&#8221; global_colors_info=&#8221;{}&#8221;][et_pb_slide admin_title=&#8221;Bild 1&#8243; _builder_version=&#8221;4.22.1&#8243; _module_preset=&#8221;default&#8221; background_enable_color=&#8221;off&#8221; background_image=&#8221;https:\/\/www.hotelwedina.de\/wp-content\/uploads\/2022\/11\/photo-of-concentrated-redhead-bearded-student-preparing-for-university-exam-in-a-cafe.jpg&#8221; background_enable_image=&#8221;on&#8221; global_colors_info=&#8221;{}&#8221; sticky_transition=&#8221;on&#8221;][\/et_pb_slide][\/et_pb_slider][\/et_pb_column][et_pb_column type=&#8221;1_2&#8243; _builder_version=&#8221;4.19.0&#8243; _module_preset=&#8221;default&#8221; global_colors_info=&#8221;{}&#8221;][et_pb_text module_class=&#8221;vertikal-zentrieren&#8221; _builder_version=&#8221;4.19.2&#8243; _module_preset=&#8221;default&#8221; text_font=&#8221;||||||||&#8221; text_letter_spacing=&#8221;1px&#8221; header_font=&#8221;|||on|||||&#8221; header_font_size=&#8221;32px&#8221; header_2_font=&#8221;|||on|||||&#8221; header_2_font_size=&#8221;18px&#8221; header_5_font=&#8221;|||on|on|||#3C3A36|&#8221; header_5_text_color=&#8221;#C59849&#8243; background_color=&#8221;#F2EDE6&#8243; min_height=&#8221;450px&#8221; custom_padding=&#8221;50px|50px|50px|50px|false|false&#8221; custom_padding_tablet=&#8221;50px|50px|50px|50px|false|false&#8221; custom_padding_phone=&#8221;15px|15px|15px|15px|false|false&#8221; custom_padding_last_edited=&#8221;on|phone&#8221; header_font_size_tablet=&#8221;32px&#8221; header_font_size_phone=&#8221;30px&#8221; header_font_size_last_edited=&#8221;on|phone&#8221; global_colors_info=&#8221;{}&#8221;]<\/p>\n<h2>Cultural program in the Wedina<\/h2>\n<h1>Events<\/h1>\n<p>Culture please? As a cultural hotel in Hamburg, it is also very important to us to hold events at the Wedina. From readings to small concerts, you will find a wide range of cultural events with us.<\/p>\n<p>&nbsp;<\/p>\n<h5><a href=\"https:\/\/www.hotelwedina.de\/en\/events-2\/events\/\">learn more<\/a><\/h5>\n<p>[\/et_pb_text][\/et_pb_column][\/et_pb_row][\/et_pb_section]<\/p>\n","protected":false},"excerpt":{"rendered":"<p>Love for the arts EventsOf all the arts, our great passion is the written word. Out of love for literature and books, we became partners of the Hamburg House of Literature in 1999. Since then, as Literaturhotel Hamburg, we have welcomed writers, poets, literary figures and even Nobel Prize winners in literature from Germany and [&hellip;]<\/p>\n","protected":false},"author":1,"featured_media":0,"parent":0,"menu_order":0,"comment_status":"closed","ping_status":"closed","template":"","meta":{"_et_pb_use_builder":"on","_et_pb_old_content":"","_et_gb_content_width":"","footnotes":""},"class_list":["post-2145","page","type-page","status-publish","hentry"],"_links":{"self":[{"href":"https:\/\/www.hotelwedina.de\/en\/wp-json\/wp\/v2\/pages\/2145","targetHints":{"allow":["GET"]}}],"collection":[{"href":"https:\/\/www.hotelwedina.de\/en\/wp-json\/wp\/v2\/pages"}],"about":[{"href":"https:\/\/www.hotelwedina.de\/en\/wp-json\/wp\/v2\/types\/page"}],"author":[{"embeddable":true,"href":"https:\/\/www.hotelwedina.de\/en\/wp-json\/wp\/v2\/users\/1"}],"replies":[{"embeddable":true,"href":"https:\/\/www.hotelwedina.de\/en\/wp-json\/wp\/v2\/comments?post=2145"}],"version-history":[{"count":5,"href":"https:\/\/www.hotelwedina.de\/en\/wp-json\/wp\/v2\/pages\/2145\/revisions"}],"predecessor-version":[{"id":4042,"href":"https:\/\/www.hotelwedina.de\/en\/wp-json\/wp\/v2\/pages\/2145\/revisions\/4042"}],"wp:attachment":[{"href":"https:\/\/www.hotelwedina.de\/en\/wp-json\/wp\/v2\/media?parent=2145"}],"curies":[{"name":"wp","href":"https:\/\/api.w.org\/{rel}","templated":true}]}}